{"id":527,"date":"2024-10-22T06:19:18","date_gmt":"2024-10-22T06:19:18","guid":{"rendered":"https:\/\/meinhelfair.de\/bewerbung\/?page_id=527"},"modified":"2026-03-20T06:45:46","modified_gmt":"2026-03-20T06:45:46","slug":"regionsleitung","status":"publish","type":"page","link":"https:\/\/meinhelfair.de\/bewerbung\/regionsleitung\/","title":{"rendered":"Regionsleitung"},"content":{"rendered":"\n<div class=\"wp-block-group alignfull has-background-background-color has-background has-global-padding is-layout-constrained wp-container-core-group-is-layout-6fa30f3f wp-block-group-is-layout-constrained\" style=\"margin-top:0;margin-bottom:0;padding-top:0;padding-right:0;padding-bottom:0;padding-left:0\">\n<div class=\"wp-block-cover alignfull extendify-image-import\" style=\"padding-right:var(--wp--preset--spacing--40);padding-left:var(--wp--preset--spacing--40);min-height:427px;aspect-ratio:unset;\"><img loading=\"lazy\" decoding=\"async\" width=\"1600\" height=\"1066\" sizes=\"auto, (max-width: 799px) 200vw, (max-width: 1600px) 100vw, 1600px\" class=\"wp-block-cover__image-background wp-image-531\" alt=\"Header Bild\" src=\"https:\/\/meinhelfair.de\/bewerbung\/wp-content\/uploads\/sites\/6\/2024\/10\/schwaebische2.jpeg\" data-object-fit=\"cover\" srcset=\"https:\/\/meinhelfair.de\/bewerbung\/wp-content\/uploads\/sites\/6\/2024\/10\/schwaebische2.jpeg 1600w, https:\/\/meinhelfair.de\/bewerbung\/wp-content\/uploads\/sites\/6\/2024\/10\/schwaebische2-300x200.jpeg 300w, https:\/\/meinhelfair.de\/bewerbung\/wp-content\/uploads\/sites\/6\/2024\/10\/schwaebische2-1024x682.jpeg 1024w, https:\/\/meinhelfair.de\/bewerbung\/wp-content\/uploads\/sites\/6\/2024\/10\/schwaebische2-768x512.jpeg 768w, https:\/\/meinhelfair.de\/bewerbung\/wp-content\/uploads\/sites\/6\/2024\/10\/schwaebische2-1536x1023.jpeg 1536w\" \/><span aria-hidden=\"true\" class=\"wp-block-cover__background has-black-background-color has-background-dim-70 has-background-dim\"><\/span><div class=\"wp-block-cover__inner-container is-layout-flow wp-block-cover-is-layout-flow\">\n<div class=\"wp-block-group has-global-padding is-layout-constrained wp-block-group-is-layout-constrained\" style=\"padding-top:var(--wp--preset--spacing--80);padding-bottom:var(--wp--preset--spacing--80)\">\n<h2 class=\"wp-block-heading alignwide has-text-align-center has-white-color has-text-color\" style=\"margin-top:12px\">Du m\u00f6chtest etwas aufbauen?<\/h2>\n\n\n\n<p class=\"has-text-align-left has-white-color has-text-color\" style=\"font-size:clamp(16.293px, 1.018rem + ((1vw - 3.2px) * 0.64), 25px);\">Du willst: <br>&#8211; <strong>Verantwortung \u00fcbernehmen<\/strong>?<br>&#8211; eine Herausforderung und <strong>Neues lernen<\/strong>?<br><br>Wir bieten dir den idealen <strong>Job neben Schule<\/strong> <strong>&amp; Studium<\/strong>, um <strong>unternehmerisch t\u00e4tig<\/strong> zu werden.<\/p>\n\n\n\n<div class=\"wp-block-buttons is-content-justification-left is-layout-flex wp-container-core-buttons-is-layout-ec155617 wp-block-buttons-is-layout-flex\" style=\"margin-top:var(--wp--preset--spacing--40)\">\n<div class=\"wp-block-button\"><a class=\"wp-block-button__link has-text-color has-background has-link-color wp-element-button\" href=\"#kontakform\" style=\"color:#111111;background-color:#fcfcfc\">Jetzt registrieren<\/a><\/div>\n<\/div>\n<\/div>\n<\/div><\/div>\n<\/div>\n\n\n\n<h4 class=\"wp-block-heading\">Darum geht es: <\/h4>\n\n\n\n<p class=\"has-text-align-left\">Wir bieten dir die M\u00f6glichkeit, einen <strong>neuen Standort<\/strong> aufzubauen. <br>Nutze die Chance neues zu lernen, die <strong>Komfortzone zu verlassen<\/strong> und soziale <strong>Skills aufzubauen<\/strong>. Sammle <strong>unternehmerische Erfahrung<\/strong> und bringe dich in einem Startup mit ein.<\/p>\n\n\n\n<p><strong>Ohne eigenes Gewerbe, versichert und volle Flexibilit\u00e4t.<\/strong><br><strong>Du bist vor Ort. Wir unterst\u00fctzen dich aus der Ferne.<\/strong><br><\/p>\n\n\n\n<h4 class=\"wp-block-heading\">Folgende Aufteilung f\u00fcrs Verst\u00e4ndnis:<\/h4>\n\n\n\n<div class=\"wp-block-columns alignwide is-layout-flex wp-container-core-columns-is-layout-ac821f62 wp-block-columns-is-layout-flex\" style=\"padding-right:var(--wp--preset--spacing--60);padding-left:var(--wp--preset--spacing--60)\">\n<div class=\"wp-block-column is-layout-flow wp-block-column-is-layout-flow\">\n<h5 class=\"wp-block-heading\">Deine T\u00e4tigkeiten als Regionsleitung: <\/h5>\n\n\n\n<ul class=\"wp-block-list\">\n<li>Lokales Marketing durch Flyer &amp; Vorstellungen (z.B. bei Seniorenheimen)<\/li>\n\n\n\n<li>Kommunikation mit zuk\u00fcnftigen Mitarbeitenden in deiner Region<\/li>\n\n\n\n<li>Organisieren von Team Events in deiner Region mit zuk\u00fcnftigen Mitarbeitenden<\/li>\n\n\n\n<li>Austausch mit weiteren Regionsverantwortlichen an anderen Orten (Wissenstransfer)<\/li>\n<\/ul>\n<\/div>\n\n\n\n<div class=\"wp-block-column is-layout-flow wp-block-column-is-layout-flow\">\n<h5 class=\"wp-block-heading\">Unsere T\u00e4tigkeiten, um dir zu helfen:<\/h5>\n\n\n\n<ul class=\"wp-block-list\">\n<li>Bereitstellung von Werbematerial an dich<\/li>\n\n\n\n<li>Digitales Marketing \u00fcber Social Media und das Internet<\/li>\n\n\n\n<li>Postmarketing (Versand von Flyern an Haushalte in deinem Gebiet, sodass du nicht selbst von Haus zu Haus Flyer verteilen musst)<\/li>\n\n\n\n<li>Marketing \u00fcber regions\u00fcbergreifende Partner (u. a. Soziale Einrichtungen)<\/li>\n\n\n\n<li>Gemeinsamer Austausch mit dir, um dich individuell unterst\u00fctzen zu k\u00f6nnen.<\/li>\n<\/ul>\n<\/div>\n<\/div>\n\n\n\n<div class=\"wp-block-group alignwide has-background-background-color has-background has-global-padding is-layout-constrained wp-container-core-group-is-layout-6a5af9a4 wp-block-group-is-layout-constrained\" style=\"margin-top:14px;margin-bottom:0;padding-top:var(--wp--preset--spacing--50);padding-right:var(--wp--preset--spacing--30);padding-bottom:var(--wp--preset--spacing--60);padding-left:var(--wp--preset--spacing--30)\">\n<div class=\"wp-block-group alignwide has-global-padding is-layout-constrained wp-container-core-group-is-layout-f1ba3e7e wp-block-group-is-layout-constrained\">\n<h6 class=\"wp-block-heading has-text-align-center has-extra-large-font-size\">Impressionen<\/h6>\n<\/div>\n\n\n\n<div class=\"wp-block-group alignwide is-layout-grid wp-container-core-group-is-layout-27368195 wp-block-group-is-layout-grid\">\n<div class=\"wp-block-group has-global-padding is-layout-constrained wp-block-group-is-layout-constrained\">\n<figure class=\"wp-block-image size-full has-custom-border extendify-image-import\"><img loading=\"lazy\" decoding=\"async\" width=\"1928\" height=\"2560\" src=\"https:\/\/meinhelfair.de\/bewerbung\/wp-content\/uploads\/sites\/6\/2025\/04\/PXL_20240828_093503731.MP_-scaled.jpg\" alt=\"RL-Bild\" class=\"wp-image-708\" style=\"border-top-left-radius:10rem;aspect-ratio:3\/4;object-fit:cover\" srcset=\"https:\/\/meinhelfair.de\/bewerbung\/wp-content\/uploads\/sites\/6\/2025\/04\/PXL_20240828_093503731.MP_-scaled.jpg 1928w, https:\/\/meinhelfair.de\/bewerbung\/wp-content\/uploads\/sites\/6\/2025\/04\/PXL_20240828_093503731.MP_-226x300.jpg 226w, https:\/\/meinhelfair.de\/bewerbung\/wp-content\/uploads\/sites\/6\/2025\/04\/PXL_20240828_093503731.MP_-771x1024.jpg 771w, https:\/\/meinhelfair.de\/bewerbung\/wp-content\/uploads\/sites\/6\/2025\/04\/PXL_20240828_093503731.MP_-768x1020.jpg 768w, https:\/\/meinhelfair.de\/bewerbung\/wp-content\/uploads\/sites\/6\/2025\/04\/PXL_20240828_093503731.MP_-1157x1536.jpg 1157w, https:\/\/meinhelfair.de\/bewerbung\/wp-content\/uploads\/sites\/6\/2025\/04\/PXL_20240828_093503731.MP_-1542x2048.jpg 1542w\" sizes=\"auto, (max-width: 1928px) 100vw, 1928px\" \/><\/figure>\n<\/div>\n\n\n\n<div class=\"wp-block-group has-global-padding is-layout-constrained wp-block-group-is-layout-constrained\">\n<figure class=\"wp-block-image size-full has-custom-border extendify-image-import\"><img loading=\"lazy\" decoding=\"async\" width=\"1928\" height=\"2560\" src=\"https:\/\/meinhelfair.de\/bewerbung\/wp-content\/uploads\/sites\/6\/2025\/04\/PXL_20241115_142230154-scaled.jpg\" alt=\"RL-Bild\" class=\"wp-image-701\" style=\"border-top-left-radius:10rem;border-top-right-radius:10rem;aspect-ratio:3\/4;object-fit:cover\" srcset=\"https:\/\/meinhelfair.de\/bewerbung\/wp-content\/uploads\/sites\/6\/2025\/04\/PXL_20241115_142230154-scaled.jpg 1928w, https:\/\/meinhelfair.de\/bewerbung\/wp-content\/uploads\/sites\/6\/2025\/04\/PXL_20241115_142230154-226x300.jpg 226w, https:\/\/meinhelfair.de\/bewerbung\/wp-content\/uploads\/sites\/6\/2025\/04\/PXL_20241115_142230154-771x1024.jpg 771w, https:\/\/meinhelfair.de\/bewerbung\/wp-content\/uploads\/sites\/6\/2025\/04\/PXL_20241115_142230154-768x1020.jpg 768w, https:\/\/meinhelfair.de\/bewerbung\/wp-content\/uploads\/sites\/6\/2025\/04\/PXL_20241115_142230154-1157x1536.jpg 1157w, https:\/\/meinhelfair.de\/bewerbung\/wp-content\/uploads\/sites\/6\/2025\/04\/PXL_20241115_142230154-1542x2048.jpg 1542w\" sizes=\"auto, (max-width: 1928px) 100vw, 1928px\" \/><\/figure>\n<\/div>\n\n\n\n<div class=\"wp-block-group has-global-padding is-layout-constrained wp-block-group-is-layout-constrained\">\n<figure class=\"wp-block-image size-full has-custom-border extendify-image-import\"><img loading=\"lazy\" decoding=\"async\" width=\"1928\" height=\"2560\" src=\"https:\/\/meinhelfair.de\/bewerbung\/wp-content\/uploads\/sites\/6\/2025\/04\/PXL_20250402_173457291-scaled.jpg\" alt=\"RL-Bild\" class=\"wp-image-700\" style=\"border-top-left-radius:10rem;border-top-right-radius:10rem;aspect-ratio:3\/4;object-fit:cover\" srcset=\"https:\/\/meinhelfair.de\/bewerbung\/wp-content\/uploads\/sites\/6\/2025\/04\/PXL_20250402_173457291-scaled.jpg 1928w, https:\/\/meinhelfair.de\/bewerbung\/wp-content\/uploads\/sites\/6\/2025\/04\/PXL_20250402_173457291-226x300.jpg 226w, https:\/\/meinhelfair.de\/bewerbung\/wp-content\/uploads\/sites\/6\/2025\/04\/PXL_20250402_173457291-771x1024.jpg 771w, https:\/\/meinhelfair.de\/bewerbung\/wp-content\/uploads\/sites\/6\/2025\/04\/PXL_20250402_173457291-768x1020.jpg 768w, https:\/\/meinhelfair.de\/bewerbung\/wp-content\/uploads\/sites\/6\/2025\/04\/PXL_20250402_173457291-1157x1536.jpg 1157w, https:\/\/meinhelfair.de\/bewerbung\/wp-content\/uploads\/sites\/6\/2025\/04\/PXL_20250402_173457291-1542x2048.jpg 1542w\" sizes=\"auto, (max-width: 1928px) 100vw, 1928px\" \/><\/figure>\n<\/div>\n\n\n\n<div class=\"wp-block-group has-global-padding is-layout-constrained wp-block-group-is-layout-constrained\">\n<figure class=\"wp-block-image size-full has-custom-border extendify-image-import\"><img loading=\"lazy\" decoding=\"async\" width=\"1707\" height=\"2560\" src=\"https:\/\/meinhelfair.de\/bewerbung\/wp-content\/uploads\/sites\/6\/2025\/04\/6Y7A8805-scaled.jpg\" alt=\"RL-Bild\" class=\"wp-image-699\" style=\"border-top-left-radius:10rem;border-top-right-radius:0rem;aspect-ratio:3\/4;object-fit:cover\" srcset=\"https:\/\/meinhelfair.de\/bewerbung\/wp-content\/uploads\/sites\/6\/2025\/04\/6Y7A8805-scaled.jpg 1707w, https:\/\/meinhelfair.de\/bewerbung\/wp-content\/uploads\/sites\/6\/2025\/04\/6Y7A8805-200x300.jpg 200w, https:\/\/meinhelfair.de\/bewerbung\/wp-content\/uploads\/sites\/6\/2025\/04\/6Y7A8805-683x1024.jpg 683w, https:\/\/meinhelfair.de\/bewerbung\/wp-content\/uploads\/sites\/6\/2025\/04\/6Y7A8805-768x1152.jpg 768w, https:\/\/meinhelfair.de\/bewerbung\/wp-content\/uploads\/sites\/6\/2025\/04\/6Y7A8805-1024x1536.jpg 1024w, https:\/\/meinhelfair.de\/bewerbung\/wp-content\/uploads\/sites\/6\/2025\/04\/6Y7A8805-1365x2048.jpg 1365w\" sizes=\"auto, (max-width: 1707px) 100vw, 1707px\" \/><\/figure>\n<\/div>\n<\/div>\n<\/div>\n\n\n\n<div class=\"wp-block-group alignfull has-background-background-color has-background has-global-padding is-layout-constrained wp-container-core-group-is-layout-254d6575 wp-block-group-is-layout-constrained\" style=\"margin-top:0;margin-bottom:0;padding-top:var(--wp--preset--spacing--60);padding-right:var(--wp--preset--spacing--30);padding-bottom:var(--wp--preset--spacing--60);padding-left:var(--wp--preset--spacing--30)\">\n<div class=\"wp-block-group has-global-padding is-content-justification-left is-layout-constrained wp-container-core-group-is-layout-8b4c372c wp-block-group-is-layout-constrained\">\n<h2 class=\"wp-block-heading has-text-align-left has-large-font-size\" id=\"verdienst-bsp\">Verdienst Beispiele<\/h2>\n\n\n\n<p class=\"has-text-align-left\">Wir haben am Bodensee innerhalb von 3 Jahren neben Schule und Ausbildung 250 Kunden akquirieren k\u00f6nnen. Dies ergibt im Schnitt ca. 50 Auftragsstunden im Monat. <br>(Pro Jahr waren es zwischen 50 und 100 Kunden, die dazu gekommen sind)<br><\/p>\n<\/div>\n\n\n\n<div class=\"wp-block-columns alignwide is-layout-flex wp-container-core-columns-is-layout-a41a32f6 wp-block-columns-is-layout-flex\" style=\"margin-top:var(--wp--preset--spacing--50)\">\n<div class=\"wp-block-column has-tertiary-background-color has-background is-layout-flow wp-block-column-is-layout-flow\">\n<div class=\"wp-block-group has-global-padding is-layout-constrained wp-container-core-group-is-layout-23b1a4dc wp-block-group-is-layout-constrained\" style=\"padding-top:var(--wp--preset--spacing--30);padding-right:var(--wp--preset--spacing--30);padding-bottom:var(--wp--preset--spacing--30);padding-left:var(--wp--preset--spacing--30)\">\n<div class=\"wp-block-group is-content-justification-space-between is-nowrap is-layout-flex wp-container-core-group-is-layout-707e8540 wp-block-group-is-layout-flex\" style=\"border-bottom-color:var(--wp--preset--color--foreground);border-bottom-width:1px;padding-bottom:var(--wp--preset--spacing--30)\">\n<div class=\"wp-block-group has-global-padding is-layout-constrained wp-block-group-is-layout-constrained\">\n<h3 class=\"wp-block-heading has-text-align-left\" style=\"margin-top:16px;font-size:clamp(1.119rem, 1.119rem + ((1vw - 0.2rem) * 0.742), 1.75rem);\">Grundgehalt &amp; Umsatzbeteiligung<\/h3>\n<\/div>\n<\/div>\n\n\n\n<p><strong>Du bekommst: <\/strong><br>&#8211; 100\u20ac pro Monat f\u00fcr die ersten 2 Monate <br>&#8211; 10% der Ums\u00e4tze in deiner Region<\/p>\n\n\n\n<p class=\"has-small-font-size\" style=\"margin-top:var(--wp--preset--spacing--30)\"><strong>Ganz egal, wer den Auftrag durchf\u00fchrt.<\/strong> (Du oder weitere Mitarbeitende an deinem Ort)<br><br>Bsp: Du verteilst Flyer oder stellst dich irgendwo vor, wodurch es zu 2 Kundenauftr\u00e4gen kommt. Egal wer (Ob du oder ein anderer Mitarbeiter) den Auftrag erledigt, du bekommst 10% aller Einnahmen dieser Auftr\u00e4ge. <br>Je mehr Kundenauftr\u00e4ge du akquirierst, desto mehr verdienst du. <br>Zudem kannst du wenn du die Kundenauftr\u00e4ge selbst durchf\u00fchrst noch die normale Auftragsentlohnung beziehen. <br><br>(Wir Empfehlen sehr am Anfang die Kundenauftr\u00e4ge selbst zu machen, da man so selbst direkten Einfluss auf weitere Termine und gute Arbeit hat)<\/p>\n<\/div>\n<\/div>\n\n\n\n<div class=\"wp-block-column has-tertiary-background-color has-background is-layout-flow wp-block-column-is-layout-flow\">\n<div class=\"wp-block-group has-global-padding is-layout-constrained wp-container-core-group-is-layout-23b1a4dc wp-block-group-is-layout-constrained\" style=\"padding-top:var(--wp--preset--spacing--30);padding-right:var(--wp--preset--spacing--30);padding-bottom:var(--wp--preset--spacing--30);padding-left:var(--wp--preset--spacing--30)\">\n<div class=\"wp-block-group is-content-justification-space-between is-nowrap is-layout-flex wp-container-core-group-is-layout-707e8540 wp-block-group-is-layout-flex\" style=\"border-bottom-color:var(--wp--preset--color--foreground);border-bottom-width:1px;padding-bottom:var(--wp--preset--spacing--30)\">\n<div class=\"wp-block-group has-global-padding is-layout-constrained wp-block-group-is-layout-constrained\">\n<h3 class=\"wp-block-heading has-text-align-left\" style=\"margin-top:16px;font-size:clamp(1.119rem, 1.119rem + ((1vw - 0.2rem) * 0.742), 1.75rem);\">Kombination aus Umsatzbeteiligung &amp; Kundenauftr\u00e4ge<\/h3>\n<\/div>\n\n\n\n<h3 class=\"wp-block-heading has-text-align-left\" style=\"margin-top:12px;font-size:clamp(0.984rem, 0.984rem + ((1vw - 0.2rem) * 0.607), 1.5rem);font-style:normal;font-weight:700\">bis zu 27\u20ac f\u00fcr 1h Auftr\u00e4ge<\/h3>\n<\/div>\n\n\n\n<p class=\"has-small-font-size\" style=\"margin-top:var(--wp--preset--spacing--30)\">Beispiele von Kunden Auftr\u00e4gen zusammengerechnet mit Provision.<\/p>\n\n\n\n<div class=\"wp-block-essential-blocks-advanced-tabs alignwide  root-eb-advanced-tabs-z5zw9\"><div class=\"eb-parent-wrapper eb-parent-eb-advanced-tabs-z5zw9 \"><div class=\"eb-advanced-tabs-z5zw9 eb-advanced-tabs-wrapper horizontal \" data-min-height=\"true\"><div class=\"eb-tabs-nav \"><ul class=\"tabTitles\" data-tabs-ul-id=\"eb-advanced-tabs-z5zw9\"><li data-title-tab-id=\"1\" data-title-custom-id=\"\" class=\"active\"><div class=\"tab-title-wrap\"><h6 class=\"tab-title-text\"><strong>1 Stunde Auftrag<\/strong><\/h6><\/div><\/li><li data-title-tab-id=\"2\" data-title-custom-id=\"\" class=\"inactive\"><div class=\"tab-title-wrap\"><h6 class=\"tab-title-text\"><strong>2 Stunden Auftrag<\/strong><\/h6><\/div><\/li><li data-title-tab-id=\"3\" data-title-custom-id=\"\" class=\"inactive\"><div class=\"tab-title-wrap\"><h6 class=\"tab-title-text\"><strong>3 Stunden Auftrag<\/strong><\/h6><\/div><\/li><\/ul><\/div><div class=\"eb-tabs-contents\">\n<div class=\"eb-tab-wrapper\" data-tab-id=\"1\" data-tab-parent-id=\"eb-advanced-tabs-z5zw9\"><div class=\"eb-tab-inner\">\n<p class=\"has-small-font-size\"><strong>Beispiel 1h Auftrag:<br><\/strong>+ 14,00 \u20ac Basislohn<br>+ 2,00 \u20ac Leistungszuschlag*<br>+ 1,00 \u20ac Zeit-Zuschlag**<br>&#8211; &#8211; &#8211; &#8211; &#8211; &#8211; &#8211; &#8211; &#8211; &#8211; &#8211; &#8211; <br>+ ~ 3,00 \u20ac Fahrkosten\u00b2<br>+ 3,50 \u20ac Fahrzeitkosten\u00b3<br>+ 1,00 \u20ac Bonus\u2074<br>\u2013 \u2013 \u2013 \u2013 \u2013 \u2013 \u2013 \u2013 \u2013 \u2013 \u2013 \u2013<br>+ 3,90 \u20ac &#8211; 10 % Umsatzbeteiligung (Grundgehalt &amp; Umsatzbeteiligung)<br>\u2013 \u2013 \u2013 \u2013 \u2013 \u2013 \u2013 \u2013 \u2013 \u2013 \u2013 \u2013<br>= 28,40 \u20ac F\u00fcr einen 1h Auftrag<\/p>\n<\/div><\/div>\n\n\n\n<div class=\"eb-tab-wrapper\" data-tab-id=\"2\" data-tab-parent-id=\"eb-advanced-tabs-z5zw9\"><div class=\"eb-tab-inner\">\n<p class=\"has-small-font-size\"><strong>Beispiel 2h Auftrag:<br><\/strong>+ 28,00 \u20ac Basislohn<br>+ 4,00 \u20ac Leistungszuschlag*<br>+ 2,00 \u20ac Zeit-Zuschlag**<br>&#8211; &#8211; &#8211; &#8211; &#8211; &#8211; &#8211; &#8211; &#8211; &#8211; &#8211; &#8211; <br>+ ~ 3,00 \u20ac Fahrkosten\u00b2<br>+ 3,50 \u20ac Fahrzeitkosten\u00b3<br>+ 1,00 \u20ac Bonus\u2074<br>\u2013 \u2013 \u2013 \u2013 \u2013 \u2013 \u2013 \u2013 \u2013 \u2013 \u2013 \u2013<br>+ 7,80 \u20ac &#8211; 10 % Umsatzbeteiligung (Grundgehalt &amp; Umsatzbeteiligung)<br>\u2013 \u2013 \u2013 \u2013 \u2013 \u2013 \u2013 \u2013 \u2013 \u2013 \u2013 \u2013<br>= 49,30 \u20ac F\u00fcr einen 2h Auftrag<\/p>\n<\/div><\/div>\n\n\n\n<div class=\"eb-tab-wrapper\" data-tab-id=\"3\" data-tab-parent-id=\"eb-advanced-tabs-z5zw9\"><div class=\"eb-tab-inner\">\n<p class=\"has-small-font-size\"><strong>Beispiel 3h Auftrag:<br><\/strong>+ 42,00 \u20ac Basislohn<br>+ 6,00 \u20ac Leistungszuschlag*<br>+ 3,00 \u20ac Zeit-Zuschlag**<br>&#8211; &#8211; &#8211; &#8211; &#8211; &#8211; &#8211; &#8211; &#8211; &#8211; &#8211; &#8211; <br>+ ~ 3,00 \u20ac Fahrkosten\u00b2<br>+ 3,50 \u20ac Fahrzeitkosten\u00b3<br>+ 1,00 \u20ac Bonus\u2074<br>\u2013 \u2013 \u2013 \u2013 \u2013 \u2013 \u2013 \u2013 \u2013 \u2013 \u2013 \u2013<br>+ 11,70 \u20ac &#8211; 10 % Umsatzbeteiligung (Grundgehalt &amp; Umsatzbeteiligung)<br>\u2013 \u2013 \u2013 \u2013 \u2013 \u2013 \u2013 \u2013 \u2013 \u2013 \u2013 \u2013<br>= 70,20 \u20ac F\u00fcr einen 3h Auftrag<\/p>\n<\/div><\/div>\n<\/div><\/div><\/div><\/div>\n<\/div>\n<\/div>\n<\/div>\n\n\n\n<p class=\"has-small-font-size\" style=\"margin-top:var(--wp--preset--spacing--30)\"><sub><strong>Erl\u00e4uterung:<br><\/strong>* Leistungszuschlag wird bei Preisklasse 3 T\u00e4tigkeiten berechnet. <a href=\"https:\/\/agbs.meinhelfair.de\" target=\"_blank\" rel=\"noreferrer noopener\">Siehe hi<\/a><a href=\"https:\/\/meinhelfair.de\/unsere-leistungen\/\">er<\/a><br>** Zeit-Zuschlag = Sonn- und Feiertagszuschlag<br>\u00b2 Du bekommst pro Auftrag 0,30\u20ac pro KM f\u00fcr die Hin- und R\u00fcckfahrt zum Kunden.<br>\u00b3 Zuschlag f\u00fcr die Fahrzeit ab einer Gesamtstrecke (hin und zur\u00fcck) von 11 km<br>\u2074 Zuschuss bei direktem vereinbaren eines weiteren Termins<\/sub><\/p>\n\n\n\n<p class=\"has-small-font-size\" style=\"margin-top:var(--wp--preset--spacing--30)\"><\/p>\n<\/div>\n\n\n\n<h6 class=\"wp-block-heading has-extra-large-font-size\" id=\"kontakform\">Hast du Interesse, an deinem Ort einen einen neuen Standort aufzubauen?<\/h6>\n\n\n\n<p>Nach der Registrierung gibt es noch ein Kennenlerngespr\u00e4ch, bei dem du weiter \u00fcber dieses Modell informiert wirst.<\/p>\n\n\n\n<div class=\"wp-block-buttons is-layout-flex wp-block-buttons-is-layout-flex\" style=\"margin-top:3px;padding-top:11px\">\n<div class=\"wp-block-button\"><a class=\"wp-block-button__link has-medium-font-size has-custom-font-size wp-element-button\" href=\"https:\/\/helfairwerden.flutterflow.app\">Registriere dich hier!<\/a><\/div>\n<\/div>\n\n\n\n<div class=\"wp-block-columns alignwide is-layout-flex wp-container-core-columns-is-layout-d0b3c9c8 wp-block-columns-is-layout-flex\">\n<div class=\"wp-block-column is-layout-flow wp-block-column-is-layout-flow\" style=\"flex-basis:100%\">\n<div class=\"wp-block-columns alignwide is-layout-flex wp-container-core-columns-is-layout-d0b3c9c8 wp-block-columns-is-layout-flex\">\n<div class=\"wp-block-column has-foreground-color has-quaternary-background-color has-text-color has-background is-layout-flow wp-block-column-is-layout-flow\">\n<div class=\"wp-block-group has-global-padding is-layout-constrained wp-block-group-is-layout-constrained\">\n<div class=\"wp-block-group has-global-padding is-layout-constrained wp-block-group-is-layout-constrained\">\n<figure class=\"wp-block-image alignwide size-large has-custom-border\"><img loading=\"lazy\" decoding=\"async\" width=\"1024\" height=\"768\" src=\"https:\/\/meinhelfair.de\/bewerbung\/wp-content\/uploads\/sites\/6\/2023\/07\/\u00a9schultes-0081-edited-1024x768.jpg\" alt=\"Gr\u00fcnderstory Bild\" class=\"wp-image-63\" style=\"border-top-left-radius:0px;border-top-right-radius:0px;border-bottom-left-radius:0px;border-bottom-right-radius:0px\" srcset=\"https:\/\/meinhelfair.de\/bewerbung\/wp-content\/uploads\/sites\/6\/2023\/07\/\u00a9schultes-0081-edited-1024x768.jpg 1024w, https:\/\/meinhelfair.de\/bewerbung\/wp-content\/uploads\/sites\/6\/2023\/07\/\u00a9schultes-0081-edited-300x225.jpg 300w, https:\/\/meinhelfair.de\/bewerbung\/wp-content\/uploads\/sites\/6\/2023\/07\/\u00a9schultes-0081-edited-768x576.jpg 768w, https:\/\/meinhelfair.de\/bewerbung\/wp-content\/uploads\/sites\/6\/2023\/07\/\u00a9schultes-0081-edited-1536x1152.jpg 1536w, https:\/\/meinhelfair.de\/bewerbung\/wp-content\/uploads\/sites\/6\/2023\/07\/\u00a9schultes-0081-edited-2048x1536.jpg 2048w\" sizes=\"auto, (max-width: 1024px) 100vw, 1024px\" \/><\/figure>\n\n\n\n<div class=\"wp-block-group has-quaternary-background-color has-background is-layout-flow wp-container-core-group-is-layout-8cfe5ef5 wp-block-group-is-layout-flow\" style=\"margin-top:0px;margin-bottom:0px\">\n<h6 class=\"wp-block-heading has-text-align-left\" id=\"my-story\" style=\"line-height:1\">Die Gr\u00fcnderstory<\/h6>\n\n\n\n<p class=\"has-text-align-left has-small-font-size\">Aus einer spontanen Idee wurde ein Start-up neben Schule und Ausbildung. Wie das funktioniert hat, findest du hier.<\/p>\n\n\n\n<div class=\"wp-block-buttons is-layout-flex wp-block-buttons-is-layout-flex\">\n<div class=\"wp-block-button\"><a class=\"wp-block-button__link has-foreground-background-color has-background has-tiny-font-size has-custom-font-size wp-element-button\" href=\"https:\/\/meinhelfair.de\/ueber-uns\/gruenderstory\/\">Hier durchlesen<\/a><\/div>\n<\/div>\n<\/div>\n<\/div>\n<\/div>\n<\/div>\n\n\n\n<div class=\"wp-block-column has-foreground-color has-quaternary-background-color has-text-color has-background is-layout-flow wp-block-column-is-layout-flow\">\n<div class=\"wp-block-group has-global-padding is-layout-constrained wp-block-group-is-layout-constrained\">\n<figure class=\"wp-block-image alignwide size-full has-custom-border\"><img loading=\"lazy\" decoding=\"async\" width=\"1440\" height=\"1080\" src=\"https:\/\/meinhelfair.de\/bewerbung\/wp-content\/uploads\/sites\/6\/2025\/07\/DS200530-Large-1.jpg\" alt=\"\" class=\"wp-image-736\" style=\"border-top-left-radius:0px;border-top-right-radius:0px;border-bottom-left-radius:0px;border-bottom-right-radius:0px\" srcset=\"https:\/\/meinhelfair.de\/bewerbung\/wp-content\/uploads\/sites\/6\/2025\/07\/DS200530-Large-1.jpg 1440w, https:\/\/meinhelfair.de\/bewerbung\/wp-content\/uploads\/sites\/6\/2025\/07\/DS200530-Large-1-300x225.jpg 300w, https:\/\/meinhelfair.de\/bewerbung\/wp-content\/uploads\/sites\/6\/2025\/07\/DS200530-Large-1-1024x768.jpg 1024w, https:\/\/meinhelfair.de\/bewerbung\/wp-content\/uploads\/sites\/6\/2025\/07\/DS200530-Large-1-768x576.jpg 768w\" sizes=\"auto, (max-width: 1440px) 100vw, 1440px\" \/><\/figure>\n\n\n\n<div class=\"wp-block-group has-quaternary-background-color has-background is-layout-flow wp-container-core-group-is-layout-8cfe5ef5 wp-block-group-is-layout-flow\" style=\"margin-top:0px;margin-bottom:0px\">\n<h6 class=\"wp-block-heading has-text-align-left\" id=\"my-story\" style=\"line-height:1\">News \u00fcber uns<\/h6>\n\n\n\n<p class=\"has-text-align-left has-small-font-size\">Schaue dir hier neusten Infos rund um uns &amp; unser Team an<br><\/p>\n\n\n\n<div class=\"wp-block-buttons is-layout-flex wp-block-buttons-is-layout-flex\">\n<div class=\"wp-block-button\"><a class=\"wp-block-button__link has-foreground-background-color has-background has-tiny-font-size has-custom-font-size wp-element-button\" href=\"https:\/\/meinhelfair.de\/ueber-uns\/news\/\">Klicke hier<\/a><\/div>\n<\/div>\n<\/div>\n<\/div>\n<\/div>\n\n\n\n<div class=\"wp-block-column has-foreground-color has-quaternary-background-color has-text-color has-background is-layout-flow wp-block-column-is-layout-flow\">\n<div class=\"wp-block-group has-global-padding is-layout-constrained wp-block-group-is-layout-constrained\">\n<div class=\"wp-block-group has-global-padding is-layout-constrained wp-block-group-is-layout-constrained\">\n<figure class=\"wp-block-image size-large has-custom-border\"><img loading=\"lazy\" decoding=\"async\" width=\"1024\" height=\"768\" src=\"https:\/\/meinhelfair.de\/bewerbung\/wp-content\/uploads\/sites\/6\/2023\/07\/AuftragTerbr.-08798-4zu3-1024x768.jpg\" alt=\"Kundenfoto\" class=\"wp-image-66\" style=\"border-top-left-radius:0px;border-top-right-radius:0px;border-bottom-left-radius:0px;border-bottom-right-radius:0px\" srcset=\"https:\/\/meinhelfair.de\/bewerbung\/wp-content\/uploads\/sites\/6\/2023\/07\/AuftragTerbr.-08798-4zu3-1024x768.jpg 1024w, https:\/\/meinhelfair.de\/bewerbung\/wp-content\/uploads\/sites\/6\/2023\/07\/AuftragTerbr.-08798-4zu3-300x225.jpg 300w, https:\/\/meinhelfair.de\/bewerbung\/wp-content\/uploads\/sites\/6\/2023\/07\/AuftragTerbr.-08798-4zu3-768x576.jpg 768w, https:\/\/meinhelfair.de\/bewerbung\/wp-content\/uploads\/sites\/6\/2023\/07\/AuftragTerbr.-08798-4zu3-1536x1152.jpg 1536w, https:\/\/meinhelfair.de\/bewerbung\/wp-content\/uploads\/sites\/6\/2023\/07\/AuftragTerbr.-08798-4zu3-2048x1536.jpg 2048w\" sizes=\"auto, (max-width: 1024px) 100vw, 1024px\" \/><\/figure>\n\n\n\n<div class=\"wp-block-group has-quaternary-background-color has-background is-layout-flow wp-container-core-group-is-layout-8cfe5ef5 wp-block-group-is-layout-flow\" style=\"margin-top:0px;margin-bottom:0px\">\n<h6 class=\"wp-block-heading has-text-align-left\" id=\"my-story\" style=\"line-height:1\">Dienstleistungen<\/h6>\n\n\n\n<p class=\"has-text-align-left has-small-font-size\">Deine Oma ben\u00f6tigt unsere Unterst\u00fctzung?<br><\/p>\n\n\n\n<div class=\"wp-block-buttons is-layout-flex wp-block-buttons-is-layout-flex\">\n<div class=\"wp-block-button\"><a class=\"wp-block-button__link has-foreground-background-color has-background has-tiny-font-size has-custom-font-size wp-element-button\" href=\"https:\/\/meinhelfair.de\/kontakt\/\">Melde Dich hier<\/a><\/div>\n<\/div>\n<\/div>\n<\/div>\n<\/div>\n<\/div>\n<\/div>\n<\/div>\n<\/div>\n","protected":false},"excerpt":{"rendered":"<p>Darum geht es: Wir bieten dir die M\u00f6glichkeit, einen neuen Standort aufzubauen. Nutze die Chance neues zu lernen, die Komfortzone zu verlassen und soziale Skills aufzubauen. Sammle unternehmerische Erfahrung und bringe dich in einem Startup mit ein. Ohne eigenes Gewerbe, versichert und volle Flexibilit\u00e4t.Du bist vor Ort. Wir unterst\u00fctzen dich aus der Ferne. Folgende Aufteilung [&hellip;]<\/p>\n","protected":false},"author":1,"featured_media":0,"parent":0,"menu_order":0,"comment_status":"closed","ping_status":"closed","template":"","meta":{"_eb_attr":"","footnotes":""},"class_list":["post-527","page","type-page","status-publish","hentry"],"yoast_head":"<!-- This site is optimized with the Yoast SEO plugin v27.3 - https:\/\/yoast.com\/product\/yoast-seo-wordpress\/ -->\n<title>Neuen Standort aufbauen - Regionsleitung bei Mein Helfair<\/title>\n<meta name=\"description\" content=\"Baue einen neuen Standort auf. \u00dcbernehme Regionsleitung bei Mein Helfair. Unternehmerisch t\u00e4tig werden neben Schule, Studium oder Ausbildung.\" \/>\n<meta name=\"robots\" content=\"index, follow, max-snippet:-1, max-image-preview:large, max-video-preview:-1\" \/>\n<link rel=\"canonical\" href=\"https:\/\/meinhelfair.de\/bewerbung\/regionsleitung\/\" \/>\n<meta property=\"og:locale\" content=\"de_DE\" \/>\n<meta property=\"og:type\" content=\"article\" \/>\n<meta property=\"og:title\" content=\"Neuen Standort aufbauen - Regionsleitung bei Mein Helfair\" \/>\n<meta property=\"og:description\" content=\"Baue einen neuen Standort auf. \u00dcbernehme Regionsleitung bei Mein Helfair. Unternehmerisch t\u00e4tig werden neben Schule, Studium oder Ausbildung.\" \/>\n<meta property=\"og:url\" content=\"https:\/\/meinhelfair.de\/bewerbung\/regionsleitung\/\" \/>\n<meta property=\"article:modified_time\" content=\"2026-03-20T06:45:46+00:00\" \/>\n<meta property=\"og:image\" content=\"https:\/\/meinhelfair.de\/bewerbung\/wp-content\/uploads\/sites\/6\/2024\/10\/schwaebische2.jpeg\" \/>\n\t<meta property=\"og:image:width\" content=\"1600\" \/>\n\t<meta property=\"og:image:height\" content=\"1066\" \/>\n\t<meta property=\"og:image:type\" content=\"image\/jpeg\" \/>\n<meta name=\"twitter:card\" content=\"summary_large_image\" \/>\n<meta name=\"twitter:label1\" content=\"Gesch\u00e4tzte Lesezeit\" \/>\n\t<meta name=\"twitter:data1\" content=\"9\u00a0Minuten\" \/>\n<script type=\"application\/ld+json\" class=\"yoast-schema-graph\">{\"@context\":\"https:\\\/\\\/schema.org\",\"@graph\":[{\"@type\":\"WebPage\",\"@id\":\"https:\\\/\\\/meinhelfair.de\\\/bewerbung\\\/regionsleitung\\\/\",\"url\":\"https:\\\/\\\/meinhelfair.de\\\/bewerbung\\\/regionsleitung\\\/\",\"name\":\"Neuen Standort aufbauen - Regionsleitung bei Mein Helfair\",\"isPartOf\":{\"@id\":\"https:\\\/\\\/meinhelfair.de\\\/bewerbung\\\/#website\"},\"primaryImageOfPage\":{\"@id\":\"https:\\\/\\\/meinhelfair.de\\\/bewerbung\\\/regionsleitung\\\/#primaryimage\"},\"image\":{\"@id\":\"https:\\\/\\\/meinhelfair.de\\\/bewerbung\\\/regionsleitung\\\/#primaryimage\"},\"thumbnailUrl\":\"https:\\\/\\\/meinhelfair.de\\\/bewerbung\\\/wp-content\\\/uploads\\\/sites\\\/6\\\/2024\\\/10\\\/schwaebische2.jpeg\",\"datePublished\":\"2024-10-22T06:19:18+00:00\",\"dateModified\":\"2026-03-20T06:45:46+00:00\",\"description\":\"Baue einen neuen Standort auf. \u00dcbernehme Regionsleitung bei Mein Helfair. Unternehmerisch t\u00e4tig werden neben Schule, Studium oder Ausbildung.\",\"breadcrumb\":{\"@id\":\"https:\\\/\\\/meinhelfair.de\\\/bewerbung\\\/regionsleitung\\\/#breadcrumb\"},\"inLanguage\":\"de\",\"potentialAction\":[{\"@type\":\"ReadAction\",\"target\":[\"https:\\\/\\\/meinhelfair.de\\\/bewerbung\\\/regionsleitung\\\/\"]}]},{\"@type\":\"ImageObject\",\"inLanguage\":\"de\",\"@id\":\"https:\\\/\\\/meinhelfair.de\\\/bewerbung\\\/regionsleitung\\\/#primaryimage\",\"url\":\"https:\\\/\\\/meinhelfair.de\\\/bewerbung\\\/wp-content\\\/uploads\\\/sites\\\/6\\\/2024\\\/10\\\/schwaebische2.jpeg\",\"contentUrl\":\"https:\\\/\\\/meinhelfair.de\\\/bewerbung\\\/wp-content\\\/uploads\\\/sites\\\/6\\\/2024\\\/10\\\/schwaebische2.jpeg\",\"width\":1600,\"height\":1066},{\"@type\":\"BreadcrumbList\",\"@id\":\"https:\\\/\\\/meinhelfair.de\\\/bewerbung\\\/regionsleitung\\\/#breadcrumb\",\"itemListElement\":[{\"@type\":\"ListItem\",\"position\":1,\"name\":\"Startseite\",\"item\":\"https:\\\/\\\/meinhelfair.de\\\/bewerbung\\\/\"},{\"@type\":\"ListItem\",\"position\":2,\"name\":\"Regionsleitung\"}]},{\"@type\":\"WebSite\",\"@id\":\"https:\\\/\\\/meinhelfair.de\\\/bewerbung\\\/#website\",\"url\":\"https:\\\/\\\/meinhelfair.de\\\/bewerbung\\\/\",\"name\":\"Mein Helfair\",\"description\":\"Starte den &quot;anderen&quot; Minijob!\",\"publisher\":{\"@id\":\"https:\\\/\\\/meinhelfair.de\\\/bewerbung\\\/#organization\"},\"alternateName\":\"RH Bodensee\",\"potentialAction\":[{\"@type\":\"SearchAction\",\"target\":{\"@type\":\"EntryPoint\",\"urlTemplate\":\"https:\\\/\\\/meinhelfair.de\\\/bewerbung\\\/?s={search_term_string}\"},\"query-input\":{\"@type\":\"PropertyValueSpecification\",\"valueRequired\":true,\"valueName\":\"search_term_string\"}}],\"inLanguage\":\"de\"},{\"@type\":\"Organization\",\"@id\":\"https:\\\/\\\/meinhelfair.de\\\/bewerbung\\\/#organization\",\"name\":\"Mein Helfair\",\"url\":\"https:\\\/\\\/meinhelfair.de\\\/bewerbung\\\/\",\"logo\":{\"@type\":\"ImageObject\",\"inLanguage\":\"de\",\"@id\":\"https:\\\/\\\/meinhelfair.de\\\/bewerbung\\\/#\\\/schema\\\/logo\\\/image\\\/\",\"url\":\"https:\\\/\\\/meinhelfair.de\\\/bewerbung\\\/wp-content\\\/uploads\\\/sites\\\/6\\\/2024\\\/04\\\/Helfair_Wort_Bild_Ueber_B.png\",\"contentUrl\":\"https:\\\/\\\/meinhelfair.de\\\/bewerbung\\\/wp-content\\\/uploads\\\/sites\\\/6\\\/2024\\\/04\\\/Helfair_Wort_Bild_Ueber_B.png\",\"width\":4062,\"height\":1395,\"caption\":\"Mein Helfair\"},\"image\":{\"@id\":\"https:\\\/\\\/meinhelfair.de\\\/bewerbung\\\/#\\\/schema\\\/logo\\\/image\\\/\"}}]}<\/script>\n<!-- \/ Yoast SEO plugin. -->","yoast_head_json":{"title":"Neuen Standort aufbauen - Regionsleitung bei Mein Helfair","description":"Baue einen neuen Standort auf. \u00dcbernehme Regionsleitung bei Mein Helfair. Unternehmerisch t\u00e4tig werden neben Schule, Studium oder Ausbildung.","robots":{"index":"index","follow":"follow","max-snippet":"max-snippet:-1","max-image-preview":"max-image-preview:large","max-video-preview":"max-video-preview:-1"},"canonical":"https:\/\/meinhelfair.de\/bewerbung\/regionsleitung\/","og_locale":"de_DE","og_type":"article","og_title":"Neuen Standort aufbauen - Regionsleitung bei Mein Helfair","og_description":"Baue einen neuen Standort auf. \u00dcbernehme Regionsleitung bei Mein Helfair. Unternehmerisch t\u00e4tig werden neben Schule, Studium oder Ausbildung.","og_url":"https:\/\/meinhelfair.de\/bewerbung\/regionsleitung\/","article_modified_time":"2026-03-20T06:45:46+00:00","og_image":[{"width":1600,"height":1066,"url":"https:\/\/meinhelfair.de\/bewerbung\/wp-content\/uploads\/sites\/6\/2024\/10\/schwaebische2.jpeg","type":"image\/jpeg"}],"twitter_card":"summary_large_image","twitter_misc":{"Gesch\u00e4tzte Lesezeit":"9\u00a0Minuten"},"schema":{"@context":"https:\/\/schema.org","@graph":[{"@type":"WebPage","@id":"https:\/\/meinhelfair.de\/bewerbung\/regionsleitung\/","url":"https:\/\/meinhelfair.de\/bewerbung\/regionsleitung\/","name":"Neuen Standort aufbauen - Regionsleitung bei Mein Helfair","isPartOf":{"@id":"https:\/\/meinhelfair.de\/bewerbung\/#website"},"primaryImageOfPage":{"@id":"https:\/\/meinhelfair.de\/bewerbung\/regionsleitung\/#primaryimage"},"image":{"@id":"https:\/\/meinhelfair.de\/bewerbung\/regionsleitung\/#primaryimage"},"thumbnailUrl":"https:\/\/meinhelfair.de\/bewerbung\/wp-content\/uploads\/sites\/6\/2024\/10\/schwaebische2.jpeg","datePublished":"2024-10-22T06:19:18+00:00","dateModified":"2026-03-20T06:45:46+00:00","description":"Baue einen neuen Standort auf. \u00dcbernehme Regionsleitung bei Mein Helfair. Unternehmerisch t\u00e4tig werden neben Schule, Studium oder Ausbildung.","breadcrumb":{"@id":"https:\/\/meinhelfair.de\/bewerbung\/regionsleitung\/#breadcrumb"},"inLanguage":"de","potentialAction":[{"@type":"ReadAction","target":["https:\/\/meinhelfair.de\/bewerbung\/regionsleitung\/"]}]},{"@type":"ImageObject","inLanguage":"de","@id":"https:\/\/meinhelfair.de\/bewerbung\/regionsleitung\/#primaryimage","url":"https:\/\/meinhelfair.de\/bewerbung\/wp-content\/uploads\/sites\/6\/2024\/10\/schwaebische2.jpeg","contentUrl":"https:\/\/meinhelfair.de\/bewerbung\/wp-content\/uploads\/sites\/6\/2024\/10\/schwaebische2.jpeg","width":1600,"height":1066},{"@type":"BreadcrumbList","@id":"https:\/\/meinhelfair.de\/bewerbung\/regionsleitung\/#breadcrumb","itemListElement":[{"@type":"ListItem","position":1,"name":"Startseite","item":"https:\/\/meinhelfair.de\/bewerbung\/"},{"@type":"ListItem","position":2,"name":"Regionsleitung"}]},{"@type":"WebSite","@id":"https:\/\/meinhelfair.de\/bewerbung\/#website","url":"https:\/\/meinhelfair.de\/bewerbung\/","name":"Mein Helfair","description":"Starte den &quot;anderen&quot; Minijob!","publisher":{"@id":"https:\/\/meinhelfair.de\/bewerbung\/#organization"},"alternateName":"RH Bodensee","potentialAction":[{"@type":"SearchAction","target":{"@type":"EntryPoint","urlTemplate":"https:\/\/meinhelfair.de\/bewerbung\/?s={search_term_string}"},"query-input":{"@type":"PropertyValueSpecification","valueRequired":true,"valueName":"search_term_string"}}],"inLanguage":"de"},{"@type":"Organization","@id":"https:\/\/meinhelfair.de\/bewerbung\/#organization","name":"Mein Helfair","url":"https:\/\/meinhelfair.de\/bewerbung\/","logo":{"@type":"ImageObject","inLanguage":"de","@id":"https:\/\/meinhelfair.de\/bewerbung\/#\/schema\/logo\/image\/","url":"https:\/\/meinhelfair.de\/bewerbung\/wp-content\/uploads\/sites\/6\/2024\/04\/Helfair_Wort_Bild_Ueber_B.png","contentUrl":"https:\/\/meinhelfair.de\/bewerbung\/wp-content\/uploads\/sites\/6\/2024\/04\/Helfair_Wort_Bild_Ueber_B.png","width":4062,"height":1395,"caption":"Mein Helfair"},"image":{"@id":"https:\/\/meinhelfair.de\/bewerbung\/#\/schema\/logo\/image\/"}}]}},"_links":{"self":[{"href":"https:\/\/meinhelfair.de\/bewerbung\/wp-json\/wp\/v2\/pages\/527","targetHints":{"allow":["GET"]}}],"collection":[{"href":"https:\/\/meinhelfair.de\/bewerbung\/wp-json\/wp\/v2\/pages"}],"about":[{"href":"https:\/\/meinhelfair.de\/bewerbung\/wp-json\/wp\/v2\/types\/page"}],"author":[{"embeddable":true,"href":"https:\/\/meinhelfair.de\/bewerbung\/wp-json\/wp\/v2\/users\/1"}],"replies":[{"embeddable":true,"href":"https:\/\/meinhelfair.de\/bewerbung\/wp-json\/wp\/v2\/comments?post=527"}],"version-history":[{"count":52,"href":"https:\/\/meinhelfair.de\/bewerbung\/wp-json\/wp\/v2\/pages\/527\/revisions"}],"predecessor-version":[{"id":761,"href":"https:\/\/meinhelfair.de\/bewerbung\/wp-json\/wp\/v2\/pages\/527\/revisions\/761"}],"wp:attachment":[{"href":"https:\/\/meinhelfair.de\/bewerbung\/wp-json\/wp\/v2\/media?parent=527"}],"curies":[{"name":"wp","href":"https:\/\/api.w.org\/{rel}","templated":true}]}}